{"id":658,"date":"2016-09-10T12:48:32","date_gmt":"2016-09-10T12:48:32","guid":{"rendered":"http:\/\/masdelhermitage.fr\/de\/?page_id=658"},"modified":"2016-10-18T07:32:33","modified_gmt":"2016-10-18T07:32:33","slug":"unterkuenfte","status":"publish","type":"page","link":"https:\/\/masdelhermitage.fr\/de\/unterkuenfte\/","title":{"rendered":"UNTERK\u00dcNFTE"},"content":{"rendered":"<div id=\"menu-2\">\n<ul class=\"ancres\">\n<li><a href=\"#gite-provence\">FERIENWOHNUNG &#8222;PROVENCE&#8220;<\/a><\/li>\n<li><a href=\"#gite-camargue\">FERIENWOHNUNG &#8222;CAMARGUE&#8220;<\/a><\/li>\n<li><a href=\"#gite-alpilles\">FERIENWOHNUNG &#8222;ALPILLES&#8220;<\/a><\/li>\n<\/ul>\n<\/div>\n<p style=\"color: white; margin-top: -50px;\">Unterk\u00fcnfte Arles<\/p>\n<h2 style=\"color: white;\">Gites Arles :<\/h2>\n<h2 id=\"gite-Provence\" style=\"margin-bottom: 20px;\">FERIENWOHNUNG &#8222;PROVENCE&#8220;<\/h2>\n<div class=\"icones-gites1\"><img decoding=\"async\" src=\"http:\/\/masdelhermitage.fr\/wp-content\/uploads\/2016\/09\/icones_gite_provencede.png\" alt=\"gites arles ic\u00f4nes : 4 voyageurs \/ 1 lit double \/ 2 lits simples\" \/><\/div>\n<div class=\"slideshow\">[slideshow_deploy id=&#8217;140&#8242;]<\/div>\n<h3><\/h3>\n<p>Durch Ihren privaten Eingang betreten Sie 105 qm Wohnfl\u00e4che, und Sie werden sich  dort sofort Zuhause f\u00fchlen. Das Erdgeschoss besteht aus einem gro\u00dfen Sitz- und Essbereich, daneben befindet sich die   komplett ausgestattete K\u00fcche (Backofen, Herdplatten, Mikrowelle, K\u00fchlschrank, Sp\u00fclmaschine und Waschmaschine). Zwei ger\u00e4umige Schlafzimmer hei\u00dfen Sie auf der oberen Etage willkommen. Ein Doppelbett (160 cm breit) im einen, und zwei Einzelbetten  (90 x 190 cm) im anderen Zimmer. Das Badezimmer befindet sich auf dem Flur und gibt die beste Sicht auf die Alpillen frei.<br \/>\nProfitieren Sie von Ihrer individuellen Terrasse und erleben Sie unvergessliche Momente in der s\u00fcdlichen Sonne oder unter einem klaren Sternenhimmel.<\/p>\n<div class=\"bouton\">\n<p><a href=\"http:\/\/masdelhermitage.fr\/de\/praktische_informationen\/\">VERF\u00dcGBARKEIT &amp; PREISE<\/a><\/p>\n<\/div>\n<p align=\"right\"><a href=\"#gite-provence\">Nach Oben<\/a><\/p>\n<div class=\"separate\"><\/div>\n<h2 id=\"gite-camargue\">FERIENWOHNUNG &#8222;CAMARGUE&#8220;<\/h2>\n<div class=\"icones-gites1\"><img decoding=\"async\" src=\"http:\/\/masdelhermitage.fr\/wp-content\/uploads\/2016\/09\/icones_gite_camarguede.png\" alt=\"gites arles ic\u00f4nes : 2 voyageurs \/ 1 lit double\" \/><\/div>\n<div class=\"slideshow\">[slideshow_deploy id=&#8217;207&#8242;]<\/div>\n<h3><\/h3>\n<p>Die Terrasse, mit Gartengarnitur (Tisch u. B\u00e4nke) und Gr\u00fcnfl\u00e4che dahinter, erlaubt Ihnen nach Belieben die Sonne zu genie\u00dfen oder einfach in einer ruhigen Atmosph\u00e4re zu entspannen, w\u00e4hrend Ihr Blick \u00fcber die umliegenden Felder schweift. Der private Eingang f\u00fchrt in den gem\u00fctlichen Raum mit bequemem Sitzbereich und ausgestatteter, offener K\u00fcche (Backofen, Herdplatten, Mikrowelle, K\u00fchlschrank,  Sp\u00fclmaschine und Waschmaschine). Das obere Zimmer ist mit einem Doppelbett (160cm breit) eingerichtet und gibt Zugang zu einem originell ausgestattetten Wasch und Duschbereich. Diese ger\u00e4umige Unterkunft eignet sich f\u00fcr einen romantischen Aufenthalt in intimer Atmosph\u00e4re.<\/p>\n<div class=\"bouton\">\n<p><a href=\"http:\/\/masdelhermitage.fr\/de\/praktische_informationen\/\">VERF\u00dcGBARKEIT &amp; PREISE<\/a><\/p>\n<\/div>\n<p align=\"right\"><a href=\"#gite-provence\">Nach Oben<\/a><\/p>\n<div class=\"separate\"><\/div>\n<h2 id=\"gite-alpilles\">FERIENWOHNUNG &#8222;ALPILLES&#8220;<\/h2>\n<div class=\"icones-gites2\"><img decoding=\"async\" src=\"http:\/\/masdelhermitage.fr\/wp-content\/uploads\/2016\/09\/icones_gite_alpillesde.png\" alt=\"gites arles ic\u00f4nes : 4 voyageurs \/ acc\u00e8s handicap\u00e9 \/ 1 lit double \/ 2 lits simples\" \/><\/div>\n<div class=\"slideshow\">[slideshow_deploy id=&#8217;218&#8242;]<\/div>\n<h3><\/h3>\n<p>Verweilen Sie auf Ihrer eigenen Terrasse mit den  guten alten Brettspielen oder indem Sie sich Ihrer Lieblingslekt\u00fcre widmen. Diese Unterkunft bietet die idealen Bedingungen f\u00fcr Ihren Familienurlaub oder f\u00fcr eine Auszeit mit Freunden. Die Wohnfl\u00e4che betr\u00e4gt 95 qm mit gro\u00dfem Sitzbereich und offener K\u00fcche &#8211; ausgestattet mit Backofen, Herdplatten, Mikrowelle, K\u00fchlschrank, Sp\u00fclmaschine und Waschmaschine. Ebenfalls im Erdgeschoss befindet sich ein gem\u00fctliches Zimmer &#8211; eingerichtet f\u00fcr Personen mit eingeschr\u00e4nkter Mobilit\u00e4t. Im ersten Stockwerk wartet ein gro\u00dfes Zimmer mit Doppelbett (160 cm breit) auf Sie &#8211; mit direktem Zugang in einen originellen Wasch- und Duschbereich. Die Sicht auf den Garten und die l\u00e4ndlichen Felder ringsherum werden Sie beim Erwachen bereits verf\u00fchren.<\/p>\n<div class=\"bouton\">\n<p><a href=\"http:\/\/masdelhermitage.fr\/de\/praktische_informationen\/\">VERF\u00dcGBARKEIT &amp; PREISE<\/a><\/p>\n<\/div>\n<p align=\"right\"><a href=\"#gite-provence\">Nach Oben<\/a><\/p>\n","protected":false},"excerpt":{"rendered":"<p>FERIENWOHNUNG &#8222;PROVENCE&#8220; FERIENWOHNUNG &#8222;CAMARGUE&#8220; FERIENWOHNUNG &#8222;ALPILLES&#8220; Unterk\u00fcnfte Arles Gites Arles : FERIENWOHNUNG &#8222;PROVENCE&#8220; [slideshow_deploy id=&#8217;140&#8242;] Durch Ihren privaten Eingang betreten Sie 105 qm Wohnfl\u00e4che, und Sie werden sich dort sofort Zuhause f\u00fchlen. Das Erdgeschoss besteht aus einem gro\u00dfen Sitz- und Essbereich, daneben befindet sich die komplett ausgestattete K\u00fcche (Backofen, Herdplatten, Mikrowelle, K\u00fchlschrank, Sp\u00fclmaschine und Waschmaschine). [&hellip;]<\/p>\n","protected":false},"author":1,"featured_media":0,"parent":0,"menu_order":1,"comment_status":"closed","ping_status":"closed","template":"page-templates\/full-width-page.php","meta":{"footnotes":""},"class_list":["post-658","page","type-page","status-publish","hentry"],"yoast_head":"<!-- This site is optimized with the Yoast SEO plugin v25.8 - https:\/\/yoast.com\/wordpress\/plugins\/seo\/ -->\n<title>UNTERK\u00dcNFTE | Mas de l&#039;Hermitage<\/title>\n<meta name=\"description\" content=\"Unterk\u00fcnfte : Gite &quot;Provence&quot;, Gite &quot;Alpilles&quot;, Gite &quot;Camargue&quot;. Profitieren Sie von Ihrer individuellen Terrasse und erleben Sie unvergessliche Momente...\" \/>\n<meta name=\"robots\" content=\"index, follow, max-snippet:-1, max-image-preview:large, max-video-preview:-1\" \/>\n<link rel=\"canonical\" href=\"https:\/\/masdelhermitage.fr\/de\/unterkuenfte\/\" \/>\n<meta property=\"og:locale\" content=\"de_DE\" \/>\n<meta property=\"og:type\" content=\"article\" \/>\n<meta property=\"og:title\" content=\"UNTERK\u00dcNFTE | Mas de l&#039;Hermitage\" \/>\n<meta property=\"og:description\" content=\"Unterk\u00fcnfte : Gite &quot;Provence&quot;, Gite &quot;Alpilles&quot;, Gite &quot;Camargue&quot;. Profitieren Sie von Ihrer individuellen Terrasse und erleben Sie unvergessliche Momente...\" \/>\n<meta property=\"og:url\" content=\"https:\/\/masdelhermitage.fr\/de\/unterkuenfte\/\" \/>\n<meta property=\"og:site_name\" content=\"Mas de l&#039;Hermitage\" \/>\n<meta property=\"article:publisher\" content=\"https:\/\/www.facebook.com\/mashermitage\/\" \/>\n<meta property=\"article:modified_time\" content=\"2016-10-18T07:32:33+00:00\" \/>\n<meta property=\"og:image\" content=\"http:\/\/masdelhermitage.fr\/wp-content\/uploads\/2016\/09\/icones_gite_provencede.png\" \/>\n<meta name=\"twitter:card\" content=\"summary_large_image\" \/>\n<meta name=\"twitter:label1\" content=\"Gesch\u00e4tzte Lesezeit\" \/>\n\t<meta name=\"twitter:data1\" content=\"2\u00a0Minuten\" \/>\n<script type=\"application\/ld+json\" class=\"yoast-schema-graph\">{\"@context\":\"https:\/\/schema.org\",\"@graph\":[{\"@type\":\"WebPage\",\"@id\":\"https:\/\/masdelhermitage.fr\/de\/unterkuenfte\/\",\"url\":\"https:\/\/masdelhermitage.fr\/de\/unterkuenfte\/\",\"name\":\"UNTERK\u00dcNFTE | Mas de l&#039;Hermitage\",\"isPartOf\":{\"@id\":\"https:\/\/masdelhermitage.fr\/de\/#website\"},\"primaryImageOfPage\":{\"@id\":\"https:\/\/masdelhermitage.fr\/de\/unterkuenfte\/#primaryimage\"},\"image\":{\"@id\":\"https:\/\/masdelhermitage.fr\/de\/unterkuenfte\/#primaryimage\"},\"thumbnailUrl\":\"http:\/\/masdelhermitage.fr\/wp-content\/uploads\/2016\/09\/icones_gite_provencede.png\",\"datePublished\":\"2016-09-10T12:48:32+00:00\",\"dateModified\":\"2016-10-18T07:32:33+00:00\",\"description\":\"Unterk\u00fcnfte : Gite \\\"Provence\\\", Gite \\\"Alpilles\\\", Gite \\\"Camargue\\\". Profitieren Sie von Ihrer individuellen Terrasse und erleben Sie unvergessliche Momente...\",\"breadcrumb\":{\"@id\":\"https:\/\/masdelhermitage.fr\/de\/unterkuenfte\/#breadcrumb\"},\"inLanguage\":\"de\",\"potentialAction\":[{\"@type\":\"ReadAction\",\"target\":[\"https:\/\/masdelhermitage.fr\/de\/unterkuenfte\/\"]}]},{\"@type\":\"ImageObject\",\"inLanguage\":\"de\",\"@id\":\"https:\/\/masdelhermitage.fr\/de\/unterkuenfte\/#primaryimage\",\"url\":\"http:\/\/masdelhermitage.fr\/wp-content\/uploads\/2016\/09\/icones_gite_provencede.png\",\"contentUrl\":\"http:\/\/masdelhermitage.fr\/wp-content\/uploads\/2016\/09\/icones_gite_provencede.png\"},{\"@type\":\"BreadcrumbList\",\"@id\":\"https:\/\/masdelhermitage.fr\/de\/unterkuenfte\/#breadcrumb\",\"itemListElement\":[{\"@type\":\"ListItem\",\"position\":1,\"name\":\"Accueil\",\"item\":\"https:\/\/masdelhermitage.fr\/de\/\"},{\"@type\":\"ListItem\",\"position\":2,\"name\":\"UNTERK\u00dcNFTE\"}]},{\"@type\":\"WebSite\",\"@id\":\"https:\/\/masdelhermitage.fr\/de\/#website\",\"url\":\"https:\/\/masdelhermitage.fr\/de\/\",\"name\":\"Mas de l'Hermitage\",\"description\":\"Ferienaufenthalt Bouches-du-Rhone - Arles\",\"publisher\":{\"@id\":\"https:\/\/masdelhermitage.fr\/de\/#organization\"},\"potentialAction\":[{\"@type\":\"SearchAction\",\"target\":{\"@type\":\"EntryPoint\",\"urlTemplate\":\"https:\/\/masdelhermitage.fr\/de\/?s={search_term_string}\"},\"query-input\":{\"@type\":\"PropertyValueSpecification\",\"valueRequired\":true,\"valueName\":\"search_term_string\"}}],\"inLanguage\":\"de\"},{\"@type\":\"Organization\",\"@id\":\"https:\/\/masdelhermitage.fr\/de\/#organization\",\"name\":\"Mas de l'Hermitage\",\"url\":\"https:\/\/masdelhermitage.fr\/de\/\",\"logo\":{\"@type\":\"ImageObject\",\"inLanguage\":\"de\",\"@id\":\"https:\/\/masdelhermitage.fr\/de\/#\/schema\/logo\/image\/\",\"url\":\"https:\/\/masdelhermitage.fr\/wp-content\/uploads\/2016\/04\/cropped-logo_favicon.png\",\"contentUrl\":\"https:\/\/masdelhermitage.fr\/wp-content\/uploads\/2016\/04\/cropped-logo_favicon.png\",\"width\":512,\"height\":512,\"caption\":\"Mas de l'Hermitage\"},\"image\":{\"@id\":\"https:\/\/masdelhermitage.fr\/de\/#\/schema\/logo\/image\/\"},\"sameAs\":[\"https:\/\/www.facebook.com\/mashermitage\/\",\"https:\/\/www.instagram.com\/masdelhermitage?igsh=MXl1YXF3N2ZzNjJ4\"]}]}<\/script>\n<!-- \/ Yoast SEO plugin. -->","yoast_head_json":{"title":"UNTERK\u00dcNFTE | Mas de l&#039;Hermitage","description":"Unterk\u00fcnfte : Gite \"Provence\", Gite \"Alpilles\", Gite \"Camargue\". Profitieren Sie von Ihrer individuellen Terrasse und erleben Sie unvergessliche Momente...","robots":{"index":"index","follow":"follow","max-snippet":"max-snippet:-1","max-image-preview":"max-image-preview:large","max-video-preview":"max-video-preview:-1"},"canonical":"https:\/\/masdelhermitage.fr\/de\/unterkuenfte\/","og_locale":"de_DE","og_type":"article","og_title":"UNTERK\u00dcNFTE | Mas de l&#039;Hermitage","og_description":"Unterk\u00fcnfte : Gite \"Provence\", Gite \"Alpilles\", Gite \"Camargue\". Profitieren Sie von Ihrer individuellen Terrasse und erleben Sie unvergessliche Momente...","og_url":"https:\/\/masdelhermitage.fr\/de\/unterkuenfte\/","og_site_name":"Mas de l&#039;Hermitage","article_publisher":"https:\/\/www.facebook.com\/mashermitage\/","article_modified_time":"2016-10-18T07:32:33+00:00","og_image":[{"url":"http:\/\/masdelhermitage.fr\/wp-content\/uploads\/2016\/09\/icones_gite_provencede.png","type":"","width":"","height":""}],"twitter_card":"summary_large_image","twitter_misc":{"Gesch\u00e4tzte Lesezeit":"2\u00a0Minuten"},"schema":{"@context":"https:\/\/schema.org","@graph":[{"@type":"WebPage","@id":"https:\/\/masdelhermitage.fr\/de\/unterkuenfte\/","url":"https:\/\/masdelhermitage.fr\/de\/unterkuenfte\/","name":"UNTERK\u00dcNFTE | Mas de l&#039;Hermitage","isPartOf":{"@id":"https:\/\/masdelhermitage.fr\/de\/#website"},"primaryImageOfPage":{"@id":"https:\/\/masdelhermitage.fr\/de\/unterkuenfte\/#primaryimage"},"image":{"@id":"https:\/\/masdelhermitage.fr\/de\/unterkuenfte\/#primaryimage"},"thumbnailUrl":"http:\/\/masdelhermitage.fr\/wp-content\/uploads\/2016\/09\/icones_gite_provencede.png","datePublished":"2016-09-10T12:48:32+00:00","dateModified":"2016-10-18T07:32:33+00:00","description":"Unterk\u00fcnfte : Gite \"Provence\", Gite \"Alpilles\", Gite \"Camargue\". Profitieren Sie von Ihrer individuellen Terrasse und erleben Sie unvergessliche Momente...","breadcrumb":{"@id":"https:\/\/masdelhermitage.fr\/de\/unterkuenfte\/#breadcrumb"},"inLanguage":"de","potentialAction":[{"@type":"ReadAction","target":["https:\/\/masdelhermitage.fr\/de\/unterkuenfte\/"]}]},{"@type":"ImageObject","inLanguage":"de","@id":"https:\/\/masdelhermitage.fr\/de\/unterkuenfte\/#primaryimage","url":"http:\/\/masdelhermitage.fr\/wp-content\/uploads\/2016\/09\/icones_gite_provencede.png","contentUrl":"http:\/\/masdelhermitage.fr\/wp-content\/uploads\/2016\/09\/icones_gite_provencede.png"},{"@type":"BreadcrumbList","@id":"https:\/\/masdelhermitage.fr\/de\/unterkuenfte\/#breadcrumb","itemListElement":[{"@type":"ListItem","position":1,"name":"Accueil","item":"https:\/\/masdelhermitage.fr\/de\/"},{"@type":"ListItem","position":2,"name":"UNTERK\u00dcNFTE"}]},{"@type":"WebSite","@id":"https:\/\/masdelhermitage.fr\/de\/#website","url":"https:\/\/masdelhermitage.fr\/de\/","name":"Mas de l'Hermitage","description":"Ferienaufenthalt Bouches-du-Rhone - Arles","publisher":{"@id":"https:\/\/masdelhermitage.fr\/de\/#organization"},"potentialAction":[{"@type":"SearchAction","target":{"@type":"EntryPoint","urlTemplate":"https:\/\/masdelhermitage.fr\/de\/?s={search_term_string}"},"query-input":{"@type":"PropertyValueSpecification","valueRequired":true,"valueName":"search_term_string"}}],"inLanguage":"de"},{"@type":"Organization","@id":"https:\/\/masdelhermitage.fr\/de\/#organization","name":"Mas de l'Hermitage","url":"https:\/\/masdelhermitage.fr\/de\/","logo":{"@type":"ImageObject","inLanguage":"de","@id":"https:\/\/masdelhermitage.fr\/de\/#\/schema\/logo\/image\/","url":"https:\/\/masdelhermitage.fr\/wp-content\/uploads\/2016\/04\/cropped-logo_favicon.png","contentUrl":"https:\/\/masdelhermitage.fr\/wp-content\/uploads\/2016\/04\/cropped-logo_favicon.png","width":512,"height":512,"caption":"Mas de l'Hermitage"},"image":{"@id":"https:\/\/masdelhermitage.fr\/de\/#\/schema\/logo\/image\/"},"sameAs":["https:\/\/www.facebook.com\/mashermitage\/","https:\/\/www.instagram.com\/masdelhermitage?igsh=MXl1YXF3N2ZzNjJ4"]}]}},"_links":{"self":[{"href":"https:\/\/masdelhermitage.fr\/de\/wp-json\/wp\/v2\/pages\/658","targetHints":{"allow":["GET"]}}],"collection":[{"href":"https:\/\/masdelhermitage.fr\/de\/wp-json\/wp\/v2\/pages"}],"about":[{"href":"https:\/\/masdelhermitage.fr\/de\/wp-json\/wp\/v2\/types\/page"}],"author":[{"embeddable":true,"href":"https:\/\/masdelhermitage.fr\/de\/wp-json\/wp\/v2\/users\/1"}],"replies":[{"embeddable":true,"href":"https:\/\/masdelhermitage.fr\/de\/wp-json\/wp\/v2\/comments?post=658"}],"version-history":[{"count":7,"href":"https:\/\/masdelhermitage.fr\/de\/wp-json\/wp\/v2\/pages\/658\/revisions"}],"predecessor-version":[{"id":996,"href":"https:\/\/masdelhermitage.fr\/de\/wp-json\/wp\/v2\/pages\/658\/revisions\/996"}],"wp:attachment":[{"href":"https:\/\/masdelhermitage.fr\/de\/wp-json\/wp\/v2\/media?parent=658"}],"curies":[{"name":"wp","href":"https:\/\/api.w.org\/{rel}","templated":true}]}}