{"id":656,"date":"2016-09-10T12:28:02","date_gmt":"2016-09-10T12:28:02","guid":{"rendered":"http:\/\/masdelhermitage.fr\/en\/?page_id=656"},"modified":"2016-09-11T11:06:08","modified_gmt":"2016-09-11T11:06:08","slug":"rentals","status":"publish","type":"page","link":"https:\/\/masdelhermitage.fr\/en\/rentals\/","title":{"rendered":"RENTALS"},"content":{"rendered":"<div id=\"menu-2\">\n<ul class=\"ancres\">\n<li><a href=\"#gite-provence\">G\u00ceTE &#8220;PROVENCE&#8221;<\/a><\/li>\n<li><a href=\"#gite-camargue\">G\u00ceTE &#8220;CAMARGUE&#8221;<\/a><\/li>\n<li><a href=\"#gite-alpilles\">G\u00ceTE &#8220;ALPILLES&#8221;<\/a><\/li>\n<\/ul>\n<\/div>\n<p style=\"color: white; margin-top: -50px;\">Rentals Arles<\/p>\n<h2 style=\"color: white;\">Gites Arles :<\/h2>\n<h2 id=\"gite-provence\" style=\"margin-bottom: 20px;\">G\u00ceTE &#8220;PROVENCE&#8221;<\/h2>\n<div class=\"icones-gites1\"><img decoding=\"async\" src=\"http:\/\/masdelhermitage.fr\/wp-content\/uploads\/2016\/09\/icones_gite_provenceen.png\" alt=\"gites arles ic\u00f4nes : 4 voyageurs \/ 1 lit double \/ 2 lits simples\" \/><\/div>\n<div class=\"slideshow\">[slideshow_deploy id=&#8217;140&#8242;]<\/div>\n<h3>Description<\/h3>\n<p>The first g\u00eete has its own entrance and 105sqm of living space. It has a heart warming atmosphere which will make you feel at home immediately.  <\/p>\n<p>The ground floor consists of a large sitting area next to a fully equipped kitchen (including an oven and hob, microwave, fridge, dishwasher(??) and washing machine). The first floor has a double bedroom with a double bed measuring 160 cm wide, and a second bedroom containing two single beds (90 x 190 cm), which can be put together if needed. There is a separate bathroom with a splendid view over the Alpilles. <\/p>\n<p>Enjoy the atmosphere outdoors on the private patio and spend unforgettable moments in the sun or under the stars.<\/p>\n<div class=\"bouton\">\n<p><a href=\"http:\/\/masdelhermitage.fr\/en\/practical-information\/\">AVAILABILITY &amp; PRICES<\/a><\/p>\n<\/div>\n<p align=\"right\"><a href=\"#gite-provence\">Top of Page<\/a><\/p>\n<div class=\"separate\"><\/div>\n<h2 id=\"gite-camargue\">G\u00ceTE &#8220;CAMARGUE&#8221;<\/h2>\n<div class=\"icones-gites1\"><img decoding=\"async\" src=\"http:\/\/masdelhermitage.fr\/wp-content\/uploads\/2016\/09\/icones_gite_camargueen.png\" alt=\"gites arles ic\u00f4nes : 2 voyageurs \/ 1 lit double\" \/><\/div>\n<div class=\"slideshow\">[slideshow_deploy id=&#8217;207&#8242;]<\/div>\n<h3>Description<\/h3>\n<p>An individual entrance leads directly into a sitting room with an open-plan, fully equipped kitchen (oven, hob, microwave and fridge). <\/p>\n<p>The large and airy upper room features a double bed (160cm wide) and leads directly into the bathroom. The g\u00eete offers you both space and intimacy. <\/p>\n<p>Outside, you have your own private patio with a garden table on which to sunbathe, dine, or enjoy the view over the plain.<\/p>\n<div class=\"bouton\">\n<p><a href=\"http:\/\/masdelhermitage.fr\/en\/practical-information\/\">AVAILABILITY &amp; PRICES<\/a><\/p>\n<\/div>\n<p align=\"right\"><a href=\"#gite-provence\">Top of Page<\/a><\/p>\n<div class=\"separate\"><\/div>\n<h2 id=\"gite-alpilles\">G\u00ceTE &#8220;ALPILLES&#8221;<\/h2>\n<div class=\"icones-gites2\"><img decoding=\"async\" src=\"http:\/\/masdelhermitage.fr\/wp-content\/uploads\/2016\/09\/icones_gite_alpillesen.png\" alt=\"gites arles ic\u00f4nes : 4 travelers \/ disabled access \/ 1 king size bed \/ 2 simple beds\" \/><\/div>\n<div class=\"slideshow\">[slideshow_deploy id=&#8217;218&#8242;]<\/div>\n<h3>Description<\/h3>\n<p>This g\u00eete has an individual entrance and is organized perfectly for a family holiday or a holiday with friends. <\/p>\n<p>The 95 sqm of living space consist of a cosy sitting area and an open-plan, fully-equipped kitchen (oven, hob, microwave, fridge, dishwasher and washing machine).  <\/p>\n<p>There is wheelchair access to a ground floor bedroom, with its own en-suite bathroom. This room has twin beds which can be moved together if required. <\/p>\n<p>The first floor consists of a spacious double bedroom with a double bed (160cm), leading directly to a beautiful bathroom. The charming view over the garden and surrounding fields will seduce you from the moment you wake up.<\/p>\n<div class=\"bouton\">\n<p><a href=\"http:\/\/masdelhermitage.fr\/en\/practical-information\/\">AVAILABILITY &amp; PRICES<\/a><\/p>\n<\/div>\n<p align=\"right\"><a href=\"#gite-provence\">Top of Page<\/a><\/p>\n","protected":false},"excerpt":{"rendered":"<p>G\u00ceTE &#8220;PROVENCE&#8221; G\u00ceTE &#8220;CAMARGUE&#8221; G\u00ceTE &#8220;ALPILLES&#8221; Rentals Arles Gites Arles : G\u00ceTE &#8220;PROVENCE&#8221; [slideshow_deploy id=&#8217;140&#8242;] Description The first g\u00eete has its own entrance and 105sqm of living space. It has a heart warming atmosphere which will make you feel at home immediately. The ground floor consists of a large sitting area next to a fully [&hellip;]<\/p>\n","protected":false},"author":1,"featured_media":0,"parent":0,"menu_order":1,"comment_status":"closed","ping_status":"closed","template":"page-templates\/full-width-page.php","meta":{"footnotes":""},"class_list":["post-656","page","type-page","status-publish","hentry"],"yoast_head":"<!-- This site is optimized with the Yoast SEO plugin v25.8 - https:\/\/yoast.com\/wordpress\/plugins\/seo\/ -->\n<title>RENTALS | Mas de l&#039;Hermitage<\/title>\n<meta name=\"description\" content=\"Rentals : Gite &quot;Provence&quot;, Gite &quot;Alpilles&quot;, Gite &quot;Camargue&quot;. Enjoy the atmosphere outdoors on the private patio and spend unforgettable moments in the sun..\" \/>\n<meta name=\"robots\" content=\"index, follow, max-snippet:-1, max-image-preview:large, max-video-preview:-1\" \/>\n<link rel=\"canonical\" href=\"https:\/\/masdelhermitage.fr\/en\/rentals\/\" \/>\n<meta property=\"og:locale\" content=\"en_US\" \/>\n<meta property=\"og:type\" content=\"article\" \/>\n<meta property=\"og:title\" content=\"RENTALS | Mas de l&#039;Hermitage\" \/>\n<meta property=\"og:description\" content=\"Rentals : Gite &quot;Provence&quot;, Gite &quot;Alpilles&quot;, Gite &quot;Camargue&quot;. Enjoy the atmosphere outdoors on the private patio and spend unforgettable moments in the sun..\" \/>\n<meta property=\"og:url\" content=\"https:\/\/masdelhermitage.fr\/en\/rentals\/\" \/>\n<meta property=\"og:site_name\" content=\"Mas de l&#039;Hermitage\" \/>\n<meta property=\"article:publisher\" content=\"https:\/\/www.facebook.com\/mashermitage\/\" \/>\n<meta property=\"article:modified_time\" content=\"2016-09-11T11:06:08+00:00\" \/>\n<meta property=\"og:image\" content=\"http:\/\/masdelhermitage.fr\/wp-content\/uploads\/2016\/09\/icones_gite_provenceen.png\" \/>\n<meta name=\"twitter:card\" content=\"summary_large_image\" \/>\n<meta name=\"twitter:label1\" content=\"Est. reading time\" \/>\n\t<meta name=\"twitter:data1\" content=\"2 minutes\" \/>\n<script type=\"application\/ld+json\" class=\"yoast-schema-graph\">{\"@context\":\"https:\/\/schema.org\",\"@graph\":[{\"@type\":\"WebPage\",\"@id\":\"https:\/\/masdelhermitage.fr\/en\/rentals\/\",\"url\":\"https:\/\/masdelhermitage.fr\/en\/rentals\/\",\"name\":\"RENTALS | Mas de l&#039;Hermitage\",\"isPartOf\":{\"@id\":\"https:\/\/masdelhermitage.fr\/en\/#website\"},\"primaryImageOfPage\":{\"@id\":\"https:\/\/masdelhermitage.fr\/en\/rentals\/#primaryimage\"},\"image\":{\"@id\":\"https:\/\/masdelhermitage.fr\/en\/rentals\/#primaryimage\"},\"thumbnailUrl\":\"http:\/\/masdelhermitage.fr\/wp-content\/uploads\/2016\/09\/icones_gite_provenceen.png\",\"datePublished\":\"2016-09-10T12:28:02+00:00\",\"dateModified\":\"2016-09-11T11:06:08+00:00\",\"description\":\"Rentals : Gite \\\"Provence\\\", Gite \\\"Alpilles\\\", Gite \\\"Camargue\\\". Enjoy the atmosphere outdoors on the private patio and spend unforgettable moments in the sun..\",\"breadcrumb\":{\"@id\":\"https:\/\/masdelhermitage.fr\/en\/rentals\/#breadcrumb\"},\"inLanguage\":\"en-US\",\"potentialAction\":[{\"@type\":\"ReadAction\",\"target\":[\"https:\/\/masdelhermitage.fr\/en\/rentals\/\"]}]},{\"@type\":\"ImageObject\",\"inLanguage\":\"en-US\",\"@id\":\"https:\/\/masdelhermitage.fr\/en\/rentals\/#primaryimage\",\"url\":\"http:\/\/masdelhermitage.fr\/wp-content\/uploads\/2016\/09\/icones_gite_provenceen.png\",\"contentUrl\":\"http:\/\/masdelhermitage.fr\/wp-content\/uploads\/2016\/09\/icones_gite_provenceen.png\"},{\"@type\":\"BreadcrumbList\",\"@id\":\"https:\/\/masdelhermitage.fr\/en\/rentals\/#breadcrumb\",\"itemListElement\":[{\"@type\":\"ListItem\",\"position\":1,\"name\":\"Accueil\",\"item\":\"https:\/\/masdelhermitage.fr\/en\/\"},{\"@type\":\"ListItem\",\"position\":2,\"name\":\"RENTALS\"}]},{\"@type\":\"WebSite\",\"@id\":\"https:\/\/masdelhermitage.fr\/en\/#website\",\"url\":\"https:\/\/masdelhermitage.fr\/en\/\",\"name\":\"Mas de l'Hermitage\",\"description\":\"Locations saisonni\u00e8res en Bouches-du-Rhone - Arles\",\"publisher\":{\"@id\":\"https:\/\/masdelhermitage.fr\/en\/#organization\"},\"potentialAction\":[{\"@type\":\"SearchAction\",\"target\":{\"@type\":\"EntryPoint\",\"urlTemplate\":\"https:\/\/masdelhermitage.fr\/en\/?s={search_term_string}\"},\"query-input\":{\"@type\":\"PropertyValueSpecification\",\"valueRequired\":true,\"valueName\":\"search_term_string\"}}],\"inLanguage\":\"en-US\"},{\"@type\":\"Organization\",\"@id\":\"https:\/\/masdelhermitage.fr\/en\/#organization\",\"name\":\"Mas de l'Hermitage\",\"url\":\"https:\/\/masdelhermitage.fr\/en\/\",\"logo\":{\"@type\":\"ImageObject\",\"inLanguage\":\"en-US\",\"@id\":\"https:\/\/masdelhermitage.fr\/en\/#\/schema\/logo\/image\/\",\"url\":\"https:\/\/masdelhermitage.fr\/wp-content\/uploads\/2016\/04\/cropped-logo_favicon.png\",\"contentUrl\":\"https:\/\/masdelhermitage.fr\/wp-content\/uploads\/2016\/04\/cropped-logo_favicon.png\",\"width\":512,\"height\":512,\"caption\":\"Mas de l'Hermitage\"},\"image\":{\"@id\":\"https:\/\/masdelhermitage.fr\/en\/#\/schema\/logo\/image\/\"},\"sameAs\":[\"https:\/\/www.facebook.com\/mashermitage\/\",\"https:\/\/www.instagram.com\/masdelhermitage?igsh=MXl1YXF3N2ZzNjJ4\"]}]}<\/script>\n<!-- \/ Yoast SEO plugin. -->","yoast_head_json":{"title":"RENTALS | Mas de l&#039;Hermitage","description":"Rentals : Gite \"Provence\", Gite \"Alpilles\", Gite \"Camargue\". Enjoy the atmosphere outdoors on the private patio and spend unforgettable moments in the sun..","robots":{"index":"index","follow":"follow","max-snippet":"max-snippet:-1","max-image-preview":"max-image-preview:large","max-video-preview":"max-video-preview:-1"},"canonical":"https:\/\/masdelhermitage.fr\/en\/rentals\/","og_locale":"en_US","og_type":"article","og_title":"RENTALS | Mas de l&#039;Hermitage","og_description":"Rentals : Gite \"Provence\", Gite \"Alpilles\", Gite \"Camargue\". Enjoy the atmosphere outdoors on the private patio and spend unforgettable moments in the sun..","og_url":"https:\/\/masdelhermitage.fr\/en\/rentals\/","og_site_name":"Mas de l&#039;Hermitage","article_publisher":"https:\/\/www.facebook.com\/mashermitage\/","article_modified_time":"2016-09-11T11:06:08+00:00","og_image":[{"url":"http:\/\/masdelhermitage.fr\/wp-content\/uploads\/2016\/09\/icones_gite_provenceen.png","type":"","width":"","height":""}],"twitter_card":"summary_large_image","twitter_misc":{"Est. reading time":"2 minutes"},"schema":{"@context":"https:\/\/schema.org","@graph":[{"@type":"WebPage","@id":"https:\/\/masdelhermitage.fr\/en\/rentals\/","url":"https:\/\/masdelhermitage.fr\/en\/rentals\/","name":"RENTALS | Mas de l&#039;Hermitage","isPartOf":{"@id":"https:\/\/masdelhermitage.fr\/en\/#website"},"primaryImageOfPage":{"@id":"https:\/\/masdelhermitage.fr\/en\/rentals\/#primaryimage"},"image":{"@id":"https:\/\/masdelhermitage.fr\/en\/rentals\/#primaryimage"},"thumbnailUrl":"http:\/\/masdelhermitage.fr\/wp-content\/uploads\/2016\/09\/icones_gite_provenceen.png","datePublished":"2016-09-10T12:28:02+00:00","dateModified":"2016-09-11T11:06:08+00:00","description":"Rentals : Gite \"Provence\", Gite \"Alpilles\", Gite \"Camargue\". Enjoy the atmosphere outdoors on the private patio and spend unforgettable moments in the sun..","breadcrumb":{"@id":"https:\/\/masdelhermitage.fr\/en\/rentals\/#breadcrumb"},"inLanguage":"en-US","potentialAction":[{"@type":"ReadAction","target":["https:\/\/masdelhermitage.fr\/en\/rentals\/"]}]},{"@type":"ImageObject","inLanguage":"en-US","@id":"https:\/\/masdelhermitage.fr\/en\/rentals\/#primaryimage","url":"http:\/\/masdelhermitage.fr\/wp-content\/uploads\/2016\/09\/icones_gite_provenceen.png","contentUrl":"http:\/\/masdelhermitage.fr\/wp-content\/uploads\/2016\/09\/icones_gite_provenceen.png"},{"@type":"BreadcrumbList","@id":"https:\/\/masdelhermitage.fr\/en\/rentals\/#breadcrumb","itemListElement":[{"@type":"ListItem","position":1,"name":"Accueil","item":"https:\/\/masdelhermitage.fr\/en\/"},{"@type":"ListItem","position":2,"name":"RENTALS"}]},{"@type":"WebSite","@id":"https:\/\/masdelhermitage.fr\/en\/#website","url":"https:\/\/masdelhermitage.fr\/en\/","name":"Mas de l'Hermitage","description":"Locations saisonni\u00e8res en Bouches-du-Rhone - Arles","publisher":{"@id":"https:\/\/masdelhermitage.fr\/en\/#organization"},"potentialAction":[{"@type":"SearchAction","target":{"@type":"EntryPoint","urlTemplate":"https:\/\/masdelhermitage.fr\/en\/?s={search_term_string}"},"query-input":{"@type":"PropertyValueSpecification","valueRequired":true,"valueName":"search_term_string"}}],"inLanguage":"en-US"},{"@type":"Organization","@id":"https:\/\/masdelhermitage.fr\/en\/#organization","name":"Mas de l'Hermitage","url":"https:\/\/masdelhermitage.fr\/en\/","logo":{"@type":"ImageObject","inLanguage":"en-US","@id":"https:\/\/masdelhermitage.fr\/en\/#\/schema\/logo\/image\/","url":"https:\/\/masdelhermitage.fr\/wp-content\/uploads\/2016\/04\/cropped-logo_favicon.png","contentUrl":"https:\/\/masdelhermitage.fr\/wp-content\/uploads\/2016\/04\/cropped-logo_favicon.png","width":512,"height":512,"caption":"Mas de l'Hermitage"},"image":{"@id":"https:\/\/masdelhermitage.fr\/en\/#\/schema\/logo\/image\/"},"sameAs":["https:\/\/www.facebook.com\/mashermitage\/","https:\/\/www.instagram.com\/masdelhermitage?igsh=MXl1YXF3N2ZzNjJ4"]}]}},"_links":{"self":[{"href":"https:\/\/masdelhermitage.fr\/en\/wp-json\/wp\/v2\/pages\/656","targetHints":{"allow":["GET"]}}],"collection":[{"href":"https:\/\/masdelhermitage.fr\/en\/wp-json\/wp\/v2\/pages"}],"about":[{"href":"https:\/\/masdelhermitage.fr\/en\/wp-json\/wp\/v2\/types\/page"}],"author":[{"embeddable":true,"href":"https:\/\/masdelhermitage.fr\/en\/wp-json\/wp\/v2\/users\/1"}],"replies":[{"embeddable":true,"href":"https:\/\/masdelhermitage.fr\/en\/wp-json\/wp\/v2\/comments?post=656"}],"version-history":[{"count":3,"href":"https:\/\/masdelhermitage.fr\/en\/wp-json\/wp\/v2\/pages\/656\/revisions"}],"predecessor-version":[{"id":719,"href":"https:\/\/masdelhermitage.fr\/en\/wp-json\/wp\/v2\/pages\/656\/revisions\/719"}],"wp:attachment":[{"href":"https:\/\/masdelhermitage.fr\/en\/wp-json\/wp\/v2\/media?parent=656"}],"curies":[{"name":"wp","href":"https:\/\/api.w.org\/{rel}","templated":true}]}}