{"id":668,"date":"2016-09-10T13:25:04","date_gmt":"2016-09-10T13:25:04","guid":{"rendered":"http:\/\/masdelhermitage.fr\/en\/?page_id=668"},"modified":"2016-09-10T14:36:46","modified_gmt":"2016-09-10T14:36:46","slug":"practical-informations","status":"publish","type":"page","link":"https:\/\/masdelhermitage.fr\/en\/practical-informations\/","title":{"rendered":"PRACTICAL INFORMATIONS"},"content":{"rendered":"<div id=\"menu-2\">\n<ul class=\"ancres\">\n<li><a href=\"#disponibilites\">AVAILABLITIES<\/a><\/li>\n<li><a href=\"#tarifs\">PRICES<\/a><\/li>\n<li><a href=\"#reserver\">BOOKING<\/a><\/li>\n<li><a href=\"#modalites\">RULES<\/a><\/li>\n<\/ul>\n<\/div>\n<h2 id=\"disponibilites\">AVAILABLITIES<\/h2>\n<div class=\"calendrier1\">\n<h3>G\u00eete &#8220;Provence&#8221;<\/h3>\n<div style=\"display:inline-block;text-align: center\"><iframe scrolling=\"no\" width=\"343\" height=\"245\" frameBorder=\"0\" style=\"overflow:hidden;border: none\" src=\"http:\/\/www.abritel.fr\/haow\/widgets\/calendar.html?propertyId=1441334&#038;unitId=1612777&#038;monthCount=2&#038;orientation=horizontal&#038;site=abritel\"><\/iframe><a href=\"https:\/\/www.abritel.fr\/location-vacances\/p1441334?uni_id=1612777#calendar\" target=\"_blank\" style=\"display:block;text-align:center;text-decoration:underline;margin-top:-40px; font-size:12px;\" rel=\"nofollow\">Other months<\/a><\/div>\n<\/div>\n<div class=\"calendrier2\">\n<h3>G\u00eete &#8220;Camargue&#8221;<\/h3>\n<div style=\"display:inline-block;text-align: center\"><iframe scrolling=\"no\" width=\"343\" height=\"245\" frameBorder=\"0\" style=\"overflow:hidden;border: none\" src=\"http:\/\/www.abritel.fr\/haow\/widgets\/calendar.html?propertyId=1441334&#038;unitId=1612778&#038;monthCount=2&#038;orientation=horizontal&#038;site=abritel\"><\/iframe><a href=\"http:\/\/www.abritel.fr\/location-vacances\/p1441334?uni_id=1612778#calendar\" target=\"_blank\" style=\"display:block;text-align:center;text-decoration:underline;margin-top:-40px; font-size:12px;\" rel=\"nofollow\">Other months<\/a><\/div>\n<\/div>\n<div class=\"calendrier3\">\n<h3>G\u00eete &#8220;Alpilles&#8221;<\/h3>\n<div style=\"display:inline-block;text-align: center\"><iframe scrolling=\"no\" width=\"343\" height=\"245\" frameBorder=\"0\" style=\"overflow:hidden;border: none;\" src=\"http:\/\/www.abritel.fr\/haow\/widgets\/calendar.html?propertyId=1441334&#038;unitId=1612779&#038;monthCount=2&#038;orientation=horizontal&#038;site=abritel\"><\/iframe><a href=\"http:\/\/www.abritel.fr\/location-vacances\/p1441334?uni_id=1612779#calendar\" target=\"_blank\" style=\"display:block;text-align:center;text-decoration:underline;margin-top:-40px; font-size:12px;\" rel=\"nofollow\">Other months<\/a><\/div>\n<\/div>\n<p>&nbsp;<\/p>\n<div class=\"separate\"><\/div>\n<h2 id=\"tarifs\">PRICES<\/h2>\n<p>The booking period is from Saturday to Saturday. Please ask us if a different arrangement would suit you.<br \/>\nCheck-in is generally from 5pm, checkout is at 10am.<\/p>\n\n<table id=\"tablepress-1\" class=\"tablepress tablepress-id-1\">\n<thead>\n<tr class=\"row-1\">\n\t<th class=\"column-1\">Dates<\/th><th class=\"column-2\">CRAU<\/th><th class=\"column-3\">PROVENCE<\/th><th class=\"column-4\">CAMARGUE <\/th><th class=\"column-5\">ALPILLES<\/th>\n<\/tr>\n<\/thead>\n<tbody class=\"row-striping row-hover\">\n<tr class=\"row-2\">\n\t<td class=\"column-1\"><\/td><td class=\"column-2\">2 \u00e0 4 personnes<\/td><td class=\"column-3\">2 \u00e0 4 personnes<\/td><td class=\"column-4\">2 personnes<\/td><td class=\"column-5\">2 \u00e0 4 personnes<\/td>\n<\/tr>\n<tr class=\"row-3\">\n\t<td class=\"column-1\">Basse saison<\/td><td class=\"column-2\">1260\u20ac\/semaine<br \/>\n180\u20ac\/nuit<\/td><td class=\"column-3\">1395\u20ac\/semaine<br \/>\n195\u20ac\/nuit<br \/>\n<\/td><td class=\"column-4\">910\u20ac\/semaine<br \/>\n130\u20ac\/nuit<br \/>\n<\/td><td class=\"column-5\">1330\u20ac\/semaine<br \/>\n190\u20ac\/nuit<\/td>\n<\/tr>\n<tr class=\"row-4\">\n\t<td class=\"column-1\">Moyenne saison<\/td><td class=\"column-2\">1365\u20ac\/semaine<br \/>\n195\u20ac\/nuit<\/td><td class=\"column-3\">1540\u20ac\/semaine<br \/>\n220\u20ac\/nuit<\/td><td class=\"column-4\">980\u20ac\/semaine<br \/>\n140\u20ac\/nuit<br \/>\n<\/td><td class=\"column-5\">1435\u20ac\/semaine<br \/>\n205\u20ac\/nuit<\/td>\n<\/tr>\n<tr class=\"row-5\">\n\t<td class=\"column-1\">Haute saison <\/td><td class=\"column-2\">1540\u20ac\/semaine<br \/>\n220\u20ac\/nuit<br \/>\n<\/td><td class=\"column-3\">1750\u20ac\/semaine<br \/>\n250\u20ac \/nuit<br \/>\n<\/td><td class=\"column-4\">1120\u20ac\/semaine<br \/>\n160\u20ac\/nuit<br \/>\n<\/td><td class=\"column-5\">1680\u20ac\/semaine<br \/>\n240\/nuit<br \/>\n<\/td>\n<\/tr>\n<\/tbody>\n<\/table>\n<!-- #tablepress-1 from cache -->\n<p align=\"right\"><a href=\"#disponibilites\">Top of Page<\/a><\/p>\n<div class=\"separate\"><\/div>\n<h2 id=\"reserver\">BOOKING DEMAND<\/h2>\n<div class=\"form_reserver\">[ninja_form id=1]<\/div>\n<p align=\"right\"><a href=\"#disponibilites\">Top of Page<\/a><\/p>\n<div class=\"separate\"><\/div>\n<h2 id=\"modalites\">RULES<\/h2>\n<ul id=\"liste\">\n<li>All inside areas and rooms are no smoking.\n<\/li>\n<li>Animals are not allowed in order to avoid unwanted contact with our own pets (a female dog and a tortoise stroll around the grounds from Spring until Autumn) and in consideration of guests with allergies.\n<\/li>\n<li>The booking period is from Saturday to Saturday. Please ask us if a different arrangement would suit you.\n<\/li>\n<li>Check-in is generally from 5pm, checkout is at 10am.\n<\/li>\n<li>Please make your booking by mail, followed by a deposit of 30% paid by French cheque or by bank transfer.<\/li>\n<li>The total sum should be paid 4 weeks before your arrival, by French cheque, bank transfer or cash. Sorry, it is not possible to pay by card.\n<\/li>\n<li>Should a booking be cancelled at any point, the deposit or booking price cannot be refunded.\n<\/li>\n<li>Guests will be charged for any damage to or theft from the property.<br \/>\nThere is a warranty of 200\u20ac, which will be reimbursed if there has been no major damage.\n<\/li>\n<li>Parents are responsible for their children everywhere on the Mas property and<br \/>\n<span style=\"font-weight: 600;\">especially in and around the pool.<\/span><\/li>\n<\/ul>\n<p align=\"right\"><a href=\"#disponibilites\">Top of Page<\/a><\/p>\n","protected":false},"excerpt":{"rendered":"<p>AVAILABLITIES PRICES BOOKING RULES AVAILABLITIES G\u00eete &#8220;Provence&#8221; Other months G\u00eete &#8220;Camargue&#8221; Other months G\u00eete &#8220;Alpilles&#8221; Other months &nbsp; PRICES The booking period is from Saturday to Saturday. Please ask us if a different arrangement would suit you. Check-in is generally from 5pm, checkout is at 10am. Top of Page BOOKING DEMAND [ninja_form id=1] Top of [&hellip;]<\/p>\n","protected":false},"author":1,"featured_media":0,"parent":0,"menu_order":3,"comment_status":"closed","ping_status":"closed","template":"page-templates\/full-width-page.php","meta":{"footnotes":""},"class_list":["post-668","page","type-page","status-publish","hentry"],"yoast_head":"<!-- This site is optimized with the Yoast SEO plugin v25.8 - https:\/\/yoast.com\/wordpress\/plugins\/seo\/ -->\n<title>PRACTICAL INFORMATIONS | Mas de l&#039;Hermitage<\/title>\n<meta name=\"description\" content=\"Practical informations : Availablities and Prices.\" \/>\n<meta name=\"robots\" content=\"index, follow, max-snippet:-1, max-image-preview:large, max-video-preview:-1\" \/>\n<link rel=\"canonical\" href=\"https:\/\/masdelhermitage.fr\/en\/practical-informations\/\" \/>\n<meta property=\"og:locale\" content=\"en_US\" \/>\n<meta property=\"og:type\" content=\"article\" \/>\n<meta property=\"og:title\" content=\"PRACTICAL INFORMATIONS | Mas de l&#039;Hermitage\" \/>\n<meta property=\"og:description\" content=\"Practical informations : Availablities and Prices.\" \/>\n<meta property=\"og:url\" content=\"https:\/\/masdelhermitage.fr\/en\/practical-informations\/\" \/>\n<meta property=\"og:site_name\" content=\"Mas de l&#039;Hermitage\" \/>\n<meta property=\"article:publisher\" content=\"https:\/\/www.facebook.com\/mashermitage\/\" \/>\n<meta property=\"article:modified_time\" content=\"2016-09-10T14:36:46+00:00\" \/>\n<meta property=\"og:image\" content=\"https:\/\/masdelhermitage.fr\/wp-content\/uploads\/2025\/07\/IMG_1398-1.webp\" \/>\n\t<meta property=\"og:image:width\" content=\"1920\" \/>\n\t<meta property=\"og:image:height\" content=\"1280\" \/>\n\t<meta property=\"og:image:type\" content=\"image\/jpeg\" \/>\n<meta name=\"twitter:card\" content=\"summary_large_image\" \/>\n<meta name=\"twitter:label1\" content=\"Est. reading time\" \/>\n\t<meta name=\"twitter:data1\" content=\"1 minute\" \/>\n<script type=\"application\/ld+json\" class=\"yoast-schema-graph\">{\"@context\":\"https:\/\/schema.org\",\"@graph\":[{\"@type\":\"WebPage\",\"@id\":\"https:\/\/masdelhermitage.fr\/en\/practical-informations\/\",\"url\":\"https:\/\/masdelhermitage.fr\/en\/practical-informations\/\",\"name\":\"PRACTICAL INFORMATIONS | Mas de l&#039;Hermitage\",\"isPartOf\":{\"@id\":\"https:\/\/masdelhermitage.fr\/en\/#website\"},\"datePublished\":\"2016-09-10T13:25:04+00:00\",\"dateModified\":\"2016-09-10T14:36:46+00:00\",\"description\":\"Practical informations : Availablities and Prices.\",\"breadcrumb\":{\"@id\":\"https:\/\/masdelhermitage.fr\/en\/practical-informations\/#breadcrumb\"},\"inLanguage\":\"en-US\",\"potentialAction\":[{\"@type\":\"ReadAction\",\"target\":[\"https:\/\/masdelhermitage.fr\/en\/practical-informations\/\"]}]},{\"@type\":\"BreadcrumbList\",\"@id\":\"https:\/\/masdelhermitage.fr\/en\/practical-informations\/#breadcrumb\",\"itemListElement\":[{\"@type\":\"ListItem\",\"position\":1,\"name\":\"Accueil\",\"item\":\"https:\/\/masdelhermitage.fr\/en\/\"},{\"@type\":\"ListItem\",\"position\":2,\"name\":\"PRACTICAL INFORMATIONS\"}]},{\"@type\":\"WebSite\",\"@id\":\"https:\/\/masdelhermitage.fr\/en\/#website\",\"url\":\"https:\/\/masdelhermitage.fr\/en\/\",\"name\":\"Mas de l'Hermitage\",\"description\":\"Locations saisonni\u00e8res en Bouches-du-Rhone - Arles\",\"publisher\":{\"@id\":\"https:\/\/masdelhermitage.fr\/en\/#organization\"},\"potentialAction\":[{\"@type\":\"SearchAction\",\"target\":{\"@type\":\"EntryPoint\",\"urlTemplate\":\"https:\/\/masdelhermitage.fr\/en\/?s={search_term_string}\"},\"query-input\":{\"@type\":\"PropertyValueSpecification\",\"valueRequired\":true,\"valueName\":\"search_term_string\"}}],\"inLanguage\":\"en-US\"},{\"@type\":\"Organization\",\"@id\":\"https:\/\/masdelhermitage.fr\/en\/#organization\",\"name\":\"Mas de l'Hermitage\",\"url\":\"https:\/\/masdelhermitage.fr\/en\/\",\"logo\":{\"@type\":\"ImageObject\",\"inLanguage\":\"en-US\",\"@id\":\"https:\/\/masdelhermitage.fr\/en\/#\/schema\/logo\/image\/\",\"url\":\"https:\/\/masdelhermitage.fr\/wp-content\/uploads\/2016\/04\/cropped-logo_favicon.png\",\"contentUrl\":\"https:\/\/masdelhermitage.fr\/wp-content\/uploads\/2016\/04\/cropped-logo_favicon.png\",\"width\":512,\"height\":512,\"caption\":\"Mas de l'Hermitage\"},\"image\":{\"@id\":\"https:\/\/masdelhermitage.fr\/en\/#\/schema\/logo\/image\/\"},\"sameAs\":[\"https:\/\/www.facebook.com\/mashermitage\/\",\"https:\/\/www.instagram.com\/masdelhermitage?igsh=MXl1YXF3N2ZzNjJ4\"]}]}<\/script>\n<!-- \/ Yoast SEO plugin. -->","yoast_head_json":{"title":"PRACTICAL INFORMATIONS | Mas de l&#039;Hermitage","description":"Practical informations : Availablities and Prices.","robots":{"index":"index","follow":"follow","max-snippet":"max-snippet:-1","max-image-preview":"max-image-preview:large","max-video-preview":"max-video-preview:-1"},"canonical":"https:\/\/masdelhermitage.fr\/en\/practical-informations\/","og_locale":"en_US","og_type":"article","og_title":"PRACTICAL INFORMATIONS | Mas de l&#039;Hermitage","og_description":"Practical informations : Availablities and Prices.","og_url":"https:\/\/masdelhermitage.fr\/en\/practical-informations\/","og_site_name":"Mas de l&#039;Hermitage","article_publisher":"https:\/\/www.facebook.com\/mashermitage\/","article_modified_time":"2016-09-10T14:36:46+00:00","og_image":[{"width":1920,"height":1280,"url":"https:\/\/masdelhermitage.fr\/wp-content\/uploads\/2025\/07\/IMG_1398-1.webp","type":"image\/jpeg"}],"twitter_card":"summary_large_image","twitter_misc":{"Est. reading time":"1 minute"},"schema":{"@context":"https:\/\/schema.org","@graph":[{"@type":"WebPage","@id":"https:\/\/masdelhermitage.fr\/en\/practical-informations\/","url":"https:\/\/masdelhermitage.fr\/en\/practical-informations\/","name":"PRACTICAL INFORMATIONS | Mas de l&#039;Hermitage","isPartOf":{"@id":"https:\/\/masdelhermitage.fr\/en\/#website"},"datePublished":"2016-09-10T13:25:04+00:00","dateModified":"2016-09-10T14:36:46+00:00","description":"Practical informations : Availablities and Prices.","breadcrumb":{"@id":"https:\/\/masdelhermitage.fr\/en\/practical-informations\/#breadcrumb"},"inLanguage":"en-US","potentialAction":[{"@type":"ReadAction","target":["https:\/\/masdelhermitage.fr\/en\/practical-informations\/"]}]},{"@type":"BreadcrumbList","@id":"https:\/\/masdelhermitage.fr\/en\/practical-informations\/#breadcrumb","itemListElement":[{"@type":"ListItem","position":1,"name":"Accueil","item":"https:\/\/masdelhermitage.fr\/en\/"},{"@type":"ListItem","position":2,"name":"PRACTICAL INFORMATIONS"}]},{"@type":"WebSite","@id":"https:\/\/masdelhermitage.fr\/en\/#website","url":"https:\/\/masdelhermitage.fr\/en\/","name":"Mas de l'Hermitage","description":"Locations saisonni\u00e8res en Bouches-du-Rhone - Arles","publisher":{"@id":"https:\/\/masdelhermitage.fr\/en\/#organization"},"potentialAction":[{"@type":"SearchAction","target":{"@type":"EntryPoint","urlTemplate":"https:\/\/masdelhermitage.fr\/en\/?s={search_term_string}"},"query-input":{"@type":"PropertyValueSpecification","valueRequired":true,"valueName":"search_term_string"}}],"inLanguage":"en-US"},{"@type":"Organization","@id":"https:\/\/masdelhermitage.fr\/en\/#organization","name":"Mas de l'Hermitage","url":"https:\/\/masdelhermitage.fr\/en\/","logo":{"@type":"ImageObject","inLanguage":"en-US","@id":"https:\/\/masdelhermitage.fr\/en\/#\/schema\/logo\/image\/","url":"https:\/\/masdelhermitage.fr\/wp-content\/uploads\/2016\/04\/cropped-logo_favicon.png","contentUrl":"https:\/\/masdelhermitage.fr\/wp-content\/uploads\/2016\/04\/cropped-logo_favicon.png","width":512,"height":512,"caption":"Mas de l'Hermitage"},"image":{"@id":"https:\/\/masdelhermitage.fr\/en\/#\/schema\/logo\/image\/"},"sameAs":["https:\/\/www.facebook.com\/mashermitage\/","https:\/\/www.instagram.com\/masdelhermitage?igsh=MXl1YXF3N2ZzNjJ4"]}]}},"_links":{"self":[{"href":"https:\/\/masdelhermitage.fr\/en\/wp-json\/wp\/v2\/pages\/668","targetHints":{"allow":["GET"]}}],"collection":[{"href":"https:\/\/masdelhermitage.fr\/en\/wp-json\/wp\/v2\/pages"}],"about":[{"href":"https:\/\/masdelhermitage.fr\/en\/wp-json\/wp\/v2\/types\/page"}],"author":[{"embeddable":true,"href":"https:\/\/masdelhermitage.fr\/en\/wp-json\/wp\/v2\/users\/1"}],"replies":[{"embeddable":true,"href":"https:\/\/masdelhermitage.fr\/en\/wp-json\/wp\/v2\/comments?post=668"}],"version-history":[{"count":5,"href":"https:\/\/masdelhermitage.fr\/en\/wp-json\/wp\/v2\/pages\/668\/revisions"}],"predecessor-version":[{"id":708,"href":"https:\/\/masdelhermitage.fr\/en\/wp-json\/wp\/v2\/pages\/668\/revisions\/708"}],"wp:attachment":[{"href":"https:\/\/masdelhermitage.fr\/en\/wp-json\/wp\/v2\/media?parent=668"}],"curies":[{"name":"wp","href":"https:\/\/api.w.org\/{rel}","templated":true}]}}